{"id":435,"date":"2021-09-30T12:02:02","date_gmt":"2021-09-30T12:02:02","guid":{"rendered":"https:\/\/feriaentidadestetuan.com\/?page_id=435"},"modified":"2021-10-19T12:49:27","modified_gmt":"2021-10-19T12:49:27","slug":"calendario","status":"publish","type":"page","link":"https:\/\/feriaentidadestetuan.com\/?page_id=435","title":{"rendered":"Calendario de encuentros"},"content":{"rendered":"<p>[et_pb_section fb_built=\u00bb1&#8243; fullwidth=\u00bbon\u00bb _builder_version=\u00bb4.10.8&#8243; background_color=\u00bb#ff8f1d\u00bb global_colors_info=\u00bb{}\u00bb][et_pb_fullwidth_header title=\u00bbCalendario de Encuentros\u00bb content_max_width=\u00bbnone\u00bb _builder_version=\u00bb4.10.8&#8243; background_color=\u00bbrgba(255, 255, 255, 0)\u00bb global_colors_info=\u00bb{}\u00bb button_one_text_size__hover_enabled=\u00bboff\u00bb button_two_text_size__hover_enabled=\u00bboff\u00bb button_one_text_color__hover_enabled=\u00bboff\u00bb button_two_text_color__hover_enabled=\u00bboff\u00bb button_one_border_width__hover_enabled=\u00bboff\u00bb button_two_border_width__hover_enabled=\u00bboff\u00bb button_one_border_color__hover_enabled=\u00bboff\u00bb button_two_border_color__hover_enabled=\u00bboff\u00bb button_one_border_radius__hover_enabled=\u00bboff\u00bb button_two_border_radius__hover_enabled=\u00bboff\u00bb button_one_letter_spacing__hover_enabled=\u00bboff\u00bb button_two_letter_spacing__hover_enabled=\u00bboff\u00bb button_one_bg_color__hover_enabled=\u00bboff\u00bb button_two_bg_color__hover_enabled=\u00bboff\u00bb][\/et_pb_fullwidth_header][\/et_pb_section][et_pb_section fb_built=\u00bb1&#8243; _builder_version=\u00bb3.22&#8243; global_colors_info=\u00bb{}\u00bb][et_pb_row _builder_version=\u00bb4.10.8&#8243; _module_preset=\u00bbdefault\u00bb global_colors_info=\u00bb{}\u00bb][et_pb_column type=\u00bb4_4&#8243; _builder_version=\u00bb4.10.8&#8243; _module_preset=\u00bbdefault\u00bb global_colors_info=\u00bb{}\u00bb][et_pb_text _builder_version=\u00bb4.10.8&#8243; _module_preset=\u00bbdefault\u00bb min_height=\u00bb298px\u00bb custom_margin=\u00bb||100px|||\u00bb custom_padding=\u00bb||0px|||\u00bb global_colors_info=\u00bb{}\u00bb]<\/p>\n<h3 class=\"et_pb_toggle_title\"><strong>Lunes &#8211; 18 Octubre<\/strong><\/h3>\n<p>&nbsp;<\/p>\n<div class=\"et_pb_toggle_content clearfix\"><\/div>\n<div class=\"et_pb_toggle_content clearfix\"><strong>12h: <\/strong>Oficina Municipal de Informaci\u00f3n, Orientaci\u00f3n y Acompa\u00f1amiento para la Integraci\u00f3n Social de la Poblaci\u00f3n Inmigrante del Ayuntamiento de Madrid:\u00a0<strong><a href=\"https:\/\/meet.jit.si\/EncuentroFERIA1\" class=\"waffle-rich-text-link\">Aprende a Realizar Gestiones Telem\u00e1ticas<\/a><\/strong><\/div>\n<div class=\"et_pb_toggle_content clearfix\">\n<p><strong>17h:<\/strong> <span>Fundaci\u00f3n entreculturas: <\/span><strong><a href=\"https:\/\/meet.jit.si\/EncuentroFERIA2\" class=\"waffle-rich-text-link\">C\u00f3mo favorecer la convivencia en el barrio<\/a><\/strong><\/p>\n<p><strong>18h: <\/strong>Fundaci\u00f3n Alicia y Guillermo: <a href=\"https:\/\/meet.jit.si\/EncuentroFERIA1\" class=\"waffle-rich-text-link\"><strong>Una fundaci\u00f3n de personas mayores para todas las edades<\/strong><\/a><\/p>\n<\/div>\n<p>[\/et_pb_text][et_pb_text _builder_version=\u00bb4.10.8&#8243; _module_preset=\u00bbdefault\u00bb min_height=\u00bb456px\u00bb custom_margin=\u00bb5px||100px|||\u00bb global_colors_info=\u00bb{}\u00bb]<\/p>\n<h3 class=\"et_pb_toggle_title\"><strong>Martes &#8211; 19 Octubre<\/strong><\/h3>\n<p>&nbsp;<\/p>\n<div class=\"et_pb_toggle_content clearfix\"><strong><strong>11h: <\/strong><\/strong>Espacio Igualdad Hnas. Mirabal: <strong><a href=\"https:\/\/meet.jit.si\/EncuentroFERIA1\" class=\"waffle-rich-text-link\">Un espacio de encuentro con la igualdad<\/a><\/strong><\/div>\n<div class=\"et_pb_toggle_content clearfix\"><strong>12h: <\/strong>CSC Josefa Amar Tetu\u00e1n: <strong><a href=\"https:\/\/meet.jit.si\/EncuentroFERIA2\" class=\"waffle-rich-text-link\">Tiempo y Espacio para Tetu\u00e1n<\/a><\/strong><\/div>\n<div class=\"et_pb_toggle_content clearfix\"><strong>13h: <\/strong>Ecos do Sur: <strong><span><a href=\"https:\/\/meet.jit.si\/EncuentroFERIA3\" class=\"waffle-rich-text-link\">Kit de Empleo Post-Covid: detecci\u00f3n de ofertas falsas por internet, videoentrevistas y m\u00e1s<\/a><\/span><\/strong><\/div>\n<div class=\"et_pb_toggle_content clearfix\">\n<p><strong>14:30h:<\/strong> <span>PAD Tetu\u00e1n: <strong><a href=\"https:\/\/meet.jit.si\/EncuentroFERIA1\" class=\"waffle-rich-text-link\">Servicio de Prevenci\u00f3n de Adicciones (PAD). \u00a1Podemos ayudarte!<\/a><\/strong><\/span><\/p>\n<p><strong>17h: <\/strong>Centro de apoyo a las familias (CAF 6): <strong><a href=\"https:\/\/meet.jit.si\/EncuentroFERIA1\" class=\"waffle-rich-text-link\">El Museo de las Emociones<\/a><\/strong><\/p>\n<p><strong>17h: <\/strong>Espacio Geranios:<strong> <a href=\"https:\/\/meet.jit.si\/EncuentroFERIA3\" class=\"waffle-rich-text-link\">\u00bfQu\u00e9 es un coworking con impacto social?<\/a><\/strong><\/p>\n<p><strong>18h: <\/strong>M\u00e9dicos del Mundo: <strong><a href=\"https:\/\/meet.jit.si\/EncuentroFERIA4\" class=\"waffle-rich-text-link\">Acercando M\u00e9dicos del Mundo a Tetu\u00e1n<\/a><\/strong><\/p>\n<p><strong>18h: <\/strong>Somos Ventilla:<strong> <a href=\"https:\/\/meet.jit.si\/EncuentroFERIA5\" class=\"waffle-rich-text-link\">Somos Ventilla! Orgullo de Barrio!<\/a><\/strong><\/p>\n<\/div>\n<p>[\/et_pb_text][et_pb_text _builder_version=\u00bb4.10.8&#8243; _module_preset=\u00bbdefault\u00bb min_height=\u00bb319px\u00bb custom_margin=\u00bb5px||100px|||\u00bb global_colors_info=\u00bb{}\u00bb]<\/p>\n<h3 class=\"et_pb_toggle_title\"><strong>Mi\u00e9rcoles &#8211; 20 Octubre<\/strong><\/h3>\n<p>&nbsp;<\/p>\n<div class=\"et_pb_toggle_content clearfix\"><strong><strong>10h: <\/strong><\/strong>CMSc Tetu\u00e1n: <strong><strong><span><a href=\"https:\/\/meet.jit.si\/EncuentroFERIA2\" class=\"waffle-rich-text-link\">Conociendo el CMS de Tetu\u00e1n<\/a><\/span><\/strong><\/strong><\/div>\n<div class=\"et_pb_toggle_content clearfix\"><strong><strong>10h: <\/strong><\/strong>Asociaci\u00f3n Lakoma Madrid: <strong><strong><a href=\"https:\/\/meet.jit.si\/EncuentroFERIA3\" class=\"waffle-rich-text-link\">Juntos por Tetu\u00e1n<\/a><\/strong><\/strong><\/div>\n<div class=\"et_pb_toggle_content clearfix\"><strong><strong>11:30h: <\/strong><\/strong><span>Oficina Municipal Informaci\u00f3n Inmigraci\u00f3n<\/span>: <strong><a href=\"https:\/\/meet.jit.si\/EncuentroFERIA1\" class=\"waffle-rich-text-link\">Acceso y Recursos de la Oficina Municipal de Informaci\u00f3n e Inmigraci\u00f3n<\/a><\/strong><\/div>\n<div class=\"et_pb_toggle_content clearfix\"><strong>12h: <\/strong>Summa Humanitae: <strong><a href=\"https:\/\/meet.jit.si\/EncuentroFERIA2\" class=\"waffle-rich-text-link\">\u00a1Forma parte de nuestro Programa de Empleo!<\/a><\/strong><strong><\/strong><\/div>\n<div class=\"et_pb_toggle_content clearfix\">\n<strong>13h: <\/strong>PROCLADE: <strong><a href=\"https:\/\/meet.jit.si\/EncuentroFERIA1\" class=\"waffle-rich-text-link\">Tu barrio te acompa\u00f1a<\/a><\/strong> <\/p>\n<p><strong>17h:<\/strong> \u00abLa contrapartida\u00bb<span>: <strong><a href=\"https:\/\/meet.jit.si\/EncuentroFERIA1\" class=\"waffle-rich-text-link\">Consulta sobre juegos de Azar con la Contrapartida<\/a><\/strong><\/span><\/p>\n<p><strong>17h:<\/strong> OIJ Tetu\u00e1n: <strong><a href=\"https:\/\/meet.jit.si\/EncuentroFERIA2\" class=\"waffle-rich-text-link\">Recursos Gratuitos para j\u00f3venes<\/a><\/strong><\/p>\n<p><strong><span>17h: <\/span><\/strong>Asociaci\u00f3n Puente de Esperanza Madrid: <strong><a href=\"https:\/\/meet.jit.si\/EncuentroFERIA4\" class=\"waffle-rich-text-link\">Con\u00f3cenos y Participa<\/a><\/strong><\/p>\n<p><strong>18h: <\/strong>AFEAM: <strong><a href=\"https:\/\/meet.jit.si\/EncuentroFERIA3\" class=\"waffle-rich-text-link\">Diagn\u00f3stico de Alzheimer. Y ahora \u00bfqu\u00e9?<\/a><\/strong><strong><\/strong><\/p>\n<p><strong>18h: <\/strong>Servicio de Dinamizaci\u00f3n Vecinal Ventilla:<strong><a href=\"https:\/\/meet.jit.si\/EncuentroFERIA5\" class=\"waffle-rich-text-link\">Creando barrio<\/a><\/strong><\/p>\n<\/div>\n<p>[\/et_pb_text][et_pb_text _builder_version=\u00bb4.10.8&#8243; _module_preset=\u00bbdefault\u00bb min_height=\u00bb271px\u00bb custom_margin=\u00bb5px||100px|||\u00bb custom_padding=\u00bb||0px|||\u00bb hover_enabled=\u00bb0&#8243; global_colors_info=\u00bb{}\u00bb sticky_enabled=\u00bb0&#8243;]<\/p>\n<h3 class=\"et_pb_toggle_title\"><strong>Jueves &#8211; 21 Octubre<\/strong><\/h3>\n<p>&nbsp;<\/p>\n<div class=\"et_pb_toggle_content clearfix\"><strong><strong>11h: <\/strong><\/strong>ADANER: <strong><strong><a href=\"https:\/\/meet.jit.si\/EncuentroFERIA3\" class=\"waffle-rich-text-link\">Encuentro para hablar sobre los TRASTORNOS DE LA ALIMENTACI\u00d3N.<\/a><\/strong><\/strong><\/div>\n<div class=\"et_pb_toggle_content clearfix\"><strong><strong>12h: <\/strong><\/strong>ABD-Madrid Proyecto Energ\u00eda Justa: <strong><a href=\"https:\/\/meet.jit.si\/EncuentroFERIA1\" class=\"waffle-rich-text-link\">\u00bfTe genera dudas tu factura de agua, gas luz?. Empod\u00e9rate con ENERG\u00cdA JUSTA<\/a><\/strong><\/div>\n<div class=\"et_pb_toggle_content clearfix\"><strong>13h: <\/strong>ASPASI: <strong><a href=\"https:\/\/meet.jit.si\/EncuentroFERIA2\" class=\"waffle-rich-text-link\">Prevenci\u00f3n y detecci\u00f3n de la violencia hacia la infancia<\/a><\/strong><\/div>\n<div class=\"et_pb_toggle_content clearfix\"><strong>17h: <\/strong>Fundaci\u00f3n Balia: <strong><a href=\"https:\/\/meet.jit.si\/EncuentroFERIA1\" class=\"waffle-rich-text-link\">Con el vecindario: trabajando por la educaci\u00f3n de la infancia y juventud<\/a><\/strong><\/div>\n<div class=\"et_pb_toggle_content clearfix\">\n<p><span><strong>18h: <\/strong><\/span>C\u00e1ritas Diocesana de Madrid:<span><strong><\/strong><strong>\u00a0<a href=\"https:\/\/meet.jit.si\/EncuentroFERIA4\" class=\"waffle-rich-text-link\">C\u00e1ritas: \u00a1Con\u00f3cenos!<\/a><\/strong><\/span><\/p>\n<p><strong>20h: <\/strong>Unidad Pastoral de Padre Rubio: <strong><a href=\"https:\/\/meet.jit.si\/EncuentroFERIA3\" class=\"waffle-rich-text-link\">Como vecina\/o: \u00bfQu\u00e9 me ofrece y qu\u00e9 puedo aportar a la Unidad de Pastoral de Padre Rubio?<\/a><\/strong><strong><\/strong><\/p>\n<\/div>\n<p>[\/et_pb_text][et_pb_text _builder_version=\u00bb4.10.8&#8243; _module_preset=\u00bbdefault\u00bb min_height=\u00bb190px\u00bb custom_margin=\u00bb5px||100px|||\u00bb custom_padding=\u00bb||0px|||\u00bb global_colors_info=\u00bb{}\u00bb]<\/p>\n<h3 class=\"et_pb_toggle_title\"><strong>Viernes &#8211; 22 Octubre<\/strong><\/h3>\n<p>&nbsp;<\/p>\n<div class=\"et_pb_toggle_content clearfix\"><strong><strong>12h: <\/strong><\/strong>ABD-Madrid Drogas: <strong><a href=\"https:\/\/meet.jit.si\/EncuentroFERIA1\" class=\"waffle-rich-text-link\">Acerc\u00e1ndonos a la Comunidad. \u00c1reade Drogas de ABD-Madrid<\/a><\/strong><\/div>\n<div class=\"et_pb_toggle_content clearfix\"><strong>16:30h: <\/strong>Casa Grande Tetu\u00e1n: <strong><a href=\"https:\/\/meet.jit.si\/EncuentroFERIA1\" class=\"waffle-rich-text-link\">Conoce Casa Grande Tetu\u00e1n<\/a><\/strong><\/div>\n<div class=\"et_pb_toggle_content clearfix\">\n<p><strong>18h:<\/strong> Supermercado coop, LA OSA<span>: <strong><a href=\"https:\/\/meet.jit.si\/EncuentroFERIA1\" class=\"waffle-rich-text-link\">Otra forma de hacer la Compra<\/a><\/strong><\/span><\/p>\n<p><strong>18:30h: <\/strong>Acci\u00f3n Social por la M\u00fasica: <strong><a href=\"https:\/\/meet.jit.si\/EncuentroFERIA2\" class=\"waffle-rich-text-link\">Haz que suene Tetu\u00e1n<\/a><\/strong><\/p>\n<p><strong>19h: <\/strong>Grandes Amigos: <strong><a href=\"https:\/\/meet.jit.si\/EncuentroFERIA3\" class=\"waffle-rich-text-link\">Relatos de Experiencias (para personas que quieren ser voluntarias.)<\/a><\/strong><\/p>\n<\/div>\n<p>[\/et_pb_text][\/et_pb_column][\/et_pb_row][et_pb_row _builder_version=\u00bb4.10.8&#8243; _module_preset=\u00bbdefault\u00bb global_colors_info=\u00bb{}\u00bb][et_pb_column type=\u00bb4_4&#8243; _builder_version=\u00bb4.10.8&#8243; _module_preset=\u00bbdefault\u00bb global_colors_info=\u00bb{}\u00bb][\/et_pb_column][\/et_pb_row][\/et_pb_section]<\/p>\n","protected":false},"excerpt":{"rendered":"<p>Lunes &#8211; 18 Octubre &nbsp; 12h: Oficina Municipal de Informaci\u00f3n, Orientaci\u00f3n y Acompa\u00f1amiento para la Integraci\u00f3n Social de la Poblaci\u00f3n Inmigrante del Ayuntamiento de Madrid:\u00a0Aprende a Realizar Gestiones Telem\u00e1ticas 17h: Fundaci\u00f3n entreculturas: C\u00f3mo favorecer la convivencia en el barrio 18h: Fundaci\u00f3n Alicia y Guillermo: Una fundaci\u00f3n de personas mayores para todas las edades Martes &#8211; [&hellip;]<\/p>\n","protected":false},"author":3,"featured_media":0,"parent":0,"menu_order":0,"comment_status":"closed","ping_status":"closed","template":"","meta":{"_et_pb_use_builder":"on","_et_pb_old_content":"","_et_gb_content_width":"","footnotes":""},"categories":[],"tags":[],"class_list":["post-435","page","type-page","status-publish","hentry"],"_links":{"self":[{"href":"https:\/\/feriaentidadestetuan.com\/index.php?rest_route=\/wp\/v2\/pages\/435","targetHints":{"allow":["GET"]}}],"collection":[{"href":"https:\/\/feriaentidadestetuan.com\/index.php?rest_route=\/wp\/v2\/pages"}],"about":[{"href":"https:\/\/feriaentidadestetuan.com\/index.php?rest_route=\/wp\/v2\/types\/page"}],"author":[{"embeddable":true,"href":"https:\/\/feriaentidadestetuan.com\/index.php?rest_route=\/wp\/v2\/users\/3"}],"replies":[{"embeddable":true,"href":"https:\/\/feriaentidadestetuan.com\/index.php?rest_route=%2Fwp%2Fv2%2Fcomments&post=435"}],"version-history":[{"count":21,"href":"https:\/\/feriaentidadestetuan.com\/index.php?rest_route=\/wp\/v2\/pages\/435\/revisions"}],"predecessor-version":[{"id":606,"href":"https:\/\/feriaentidadestetuan.com\/index.php?rest_route=\/wp\/v2\/pages\/435\/revisions\/606"}],"wp:attachment":[{"href":"https:\/\/feriaentidadestetuan.com\/index.php?rest_route=%2Fwp%2Fv2%2Fmedia&parent=435"}],"wp:term":[{"taxonomy":"category","embeddable":true,"href":"https:\/\/feriaentidadestetuan.com\/index.php?rest_route=%2Fwp%2Fv2%2Fcategories&post=435"},{"taxonomy":"post_tag","embeddable":true,"href":"https:\/\/feriaentidadestetuan.com\/index.php?rest_route=%2Fwp%2Fv2%2Ftags&post=435"}],"curies":[{"name":"wp","href":"https:\/\/api.w.org\/{rel}","templated":true}]}}