{"id":10,"date":"2021-09-20T11:59:38","date_gmt":"2021-09-20T11:59:38","guid":{"rendered":"https:\/\/feriaentidadestetuan.com\/?page_id=10"},"modified":"2023-09-27T10:43:57","modified_gmt":"2023-09-27T10:43:57","slug":"10-2","status":"publish","type":"page","link":"https:\/\/feriaentidadestetuan.com\/","title":{"rendered":""},"content":{"rendered":"<p>[et_pb_section fb_built=\u00bb1&#8243; _builder_version=\u00bb4.10.8&#8243; _module_preset=\u00bbdefault\u00bb background_color=\u00bb#0C71C3&#8243; max_height=\u00bb829px\u00bb custom_margin=\u00bb50px||100px||false|false\u00bb custom_padding=\u00bb0px||0px|||\u00bb hover_enabled=\u00bb0&#8243; global_colors_info=\u00bb{}\u00bb sticky_enabled=\u00bb0&#8243;][et_pb_row _builder_version=\u00bb4.10.8&#8243; _module_preset=\u00bbdefault\u00bb hover_enabled=\u00bb0&#8243; global_colors_info=\u00bb{}\u00bb sticky_enabled=\u00bb0&#8243;][et_pb_column type=\u00bb4_4&#8243; _builder_version=\u00bb4.10.8&#8243; _module_preset=\u00bbdefault\u00bb global_colors_info=\u00bb{}\u00bb][et_pb_text _builder_version=\u00bb4.10.8&#8243; _module_preset=\u00bbdefault\u00bb text_text_color=\u00bb#0C71C3&#8243; text_font_size=\u00bb75px\u00bb hover_enabled=\u00bb0&#8243; global_colors_info=\u00bb{}\u00bb sticky_enabled=\u00bb0&#8243;]<\/p>\n<p style=\"text-align: center;\"><span style=\"color: #ffffff;\"><strong>21 de Octubre de 2023<\/strong><\/span><\/p>\n<p style=\"text-align: center;\"><strong><\/strong><\/p>\n<h1 style=\"text-align: center;\"><span style=\"color: #8300e9; font-size: xx-large;\"><strong><span style=\"color: #ff9900;\">en Plaza de la REMONTA<\/span>\u00a0<\/strong><\/span><\/h1>\n<p>[\/et_pb_text][\/et_pb_column][\/et_pb_row][\/et_pb_section][et_pb_section fb_built=\u00bb1&#8243; _builder_version=\u00bb3.22&#8243; custom_margin=\u00bb2px|||||\u00bb global_colors_info=\u00bb{}\u00bb][et_pb_row _builder_version=\u00bb4.10.8&#8243; _module_preset=\u00bbdefault\u00bb min_height=\u00bb633.6px\u00bb custom_margin=\u00bb|auto|-121px|auto||\u00bb hover_enabled=\u00bb0&#8243; global_colors_info=\u00bb{}\u00bb sticky_enabled=\u00bb0&#8243;][et_pb_column type=\u00bb4_4&#8243; _builder_version=\u00bb4.10.7&#8243; _module_preset=\u00bbdefault\u00bb global_colors_info=\u00bb{}\u00bb][et_pb_image src=\u00bbhttps:\/\/feriaentidadestetuan.com\/wp-content\/uploads\/2023\/07\/Cartel-Feria-entidades-2023-verde-1-1.jpg\u00bb title_text=\u00bbCartel Feria entidades 2023 verde (1)\u00bb align=\u00bbcenter\u00bb _builder_version=\u00bb4.10.8&#8243; _module_preset=\u00bbdefault\u00bb positioning=\u00bbrelative\u00bb position_origin_a=\u00bbtop_center\u00bb vertical_offset=\u00bb-151px\u00bb horizontal_offset=\u00bb0px\u00bb width=\u00bb61%\u00bb custom_padding=\u00bb|||0px||\u00bb animation_style=\u00bbbounce\u00bb scroll_vertical_motion=\u00bb0|69|69|100|4|0|-4&#8243; hover_enabled=\u00bb0&#8243; box_shadow_style=\u00bbpreset2&#8243; global_colors_info=\u00bb{}\u00bb height__hover_enabled=\u00bbon|desktop\u00bb sticky_enabled=\u00bb0&#8243;][\/et_pb_image][\/et_pb_column][\/et_pb_row][et_pb_row _builder_version=\u00bb4.10.7&#8243; _module_preset=\u00bbdefault\u00bb global_colors_info=\u00bb{}\u00bb][et_pb_column type=\u00bb4_4&#8243; _builder_version=\u00bb4.10.7&#8243; _module_preset=\u00bbdefault\u00bb global_colors_info=\u00bb{}\u00bb][et_pb_text _builder_version=\u00bb4.10.8&#8243; _module_preset=\u00bbdefault\u00bb custom_margin=\u00bb||-7px|||\u00bb global_colors_info=\u00bb{}\u00bb]<\/p>\n<p><b>\u00a0<span style=\"font-size: large;\"><span style=\"font-size: x-large;\">Queridas Vecinas y Vecinos:<\/span>\u00a0<\/span><\/b><\/p>\n<p><span style=\"font-size: large;\"><span style=\"font-weight: 400;\">Queremos daros la bienvenida a la <\/span><b>FERIA DE ENTIDADES y COLECTIVOS DE TETU\u00c1N 2023\u00a0\u00a0<\/b><\/span><\/p>\n<p><span style=\"font-size: xx-large;\"><b>\u00abcuida(TE)tu\u00e1n\u00bb <\/b><\/span><\/p>\n<p><span style=\"font-size: large;\">organizada de forma participativa por el<b> Proceso de Desarrollo Comunitario de Tetu\u00e1n<\/b><span style=\"font-weight: 400;\">.\u00a0<\/span><\/span><\/p>\n<p><span style=\"font-size: large;\"><span style=\"font-weight: 400;\">Un lugar donde <\/span><b>encontrar informaci\u00f3n sobre asociaciones, recursos, actividades<\/b><span style=\"font-weight: 400;\"> que existen en nuestro barrio y que pueden ser <\/span><b>de inter\u00e9s para ti y tu familia<\/b><span style=\"font-weight: 400;\">.\u00a0<\/span><\/span><\/p>\n<p><span style=\"font-size: large;\"><span style=\"font-weight: 400;\">Podr\u00e1s conocer de primera mano proyectos, grupos, actividades gratuitas de todo tipo\u2026 <\/span><b>sociales, educativas, medioambientales, de empleo\u2026 y contactar directamente<\/b><span style=\"font-weight: 400;\"> con las asociaciones, grupos y servicios que las organizan.\u00a0<\/span><\/span><\/p>\n<p><span style=\"font-size: large;\"><b>FERIA PRESENCIAL:<\/b><span style=\"font-weight: 400;\">\u00a0 Tendr\u00e1 lugar <\/span><b>el d\u00eda 21 de octubre de 11h a 14h en la <a href=\"https:\/\/goo.gl\/maps\/ztYnArvJWnpL7VBZ9\">PLAZA DE LA REMONTA.<\/a><\/b><span style=\"font-weight: 400;\"> Este d\u00eda estar\u00e1n de forma presencial m\u00e1s de 50 asociaciones, recursos<\/span> <span style=\"font-weight: 400;\">y grupos de Tetu\u00e1n. Contaremos con <\/span><b>todas las recomendaciones de seguridad<\/b><\/span><span style=\"font-weight: 400;\"><span style=\"font-size: large;\"> necesarias para la prevenci\u00f3n del COVID y con un mont\u00f3n de sorpresas para todas las edades.<\/span> <\/span><\/p>\n<p><span style=\"font-weight: 400;\"><\/span><\/p>\n<p>&nbsp;<\/p>\n<p>[\/et_pb_text][\/et_pb_column][\/et_pb_row][et_pb_row column_structure=\u00bb1_3,1_3,1_3&#8243; _builder_version=\u00bb4.10.8&#8243; background_size=\u00bbinitial\u00bb background_position=\u00bbtop_left\u00bb background_repeat=\u00bbrepeat\u00bb global_colors_info=\u00bb{}\u00bb][et_pb_column type=\u00bb1_3&#8243; _builder_version=\u00bb3.25&#8243; custom_padding=\u00bb|||\u00bb global_colors_info=\u00bb{}\u00bb custom_padding__hover=\u00bb|||\u00bb][et_pb_blurb title=\u00bbFeria Presencial\u00bb url=\u00bb@ET-DC@eyJkeW5hbWljIjp0cnVlLCJjb250ZW50IjoicG9zdF9saW5rX3VybF9wYWdlIiwic2V0dGluZ3MiOnsicG9zdF9pZCI6IjQzNSJ9fQ==@\u00bb use_icon=\u00bbon\u00bb font_icon=\u00bb%%122%%\u00bb icon_color=\u00bb#ff8e2e\u00bb use_circle=\u00bbon\u00bb circle_color=\u00bb#ffffff\u00bb use_circle_border=\u00bbon\u00bb circle_border_color=\u00bb#f7f7f7&#8243; _builder_version=\u00bb4.10.8&#8243; _dynamic_attributes=\u00bburl\u00bb background_size=\u00bbinitial\u00bb background_position=\u00bbtop_left\u00bb background_repeat=\u00bbrepeat\u00bb text_orientation=\u00bbcenter\u00bb global_colors_info=\u00bb{}\u00bb]<\/p>\n<p><span style=\"font-weight: 400;\">Fecha y horarios de las actividades y actuaciones que se realizaran en la Feria Presencial de Tetu\u00e1n.<\/span><\/p>\n<p>[\/et_pb_blurb][et_pb_button button_url=\u00bb@ET-DC@eyJkeW5hbWljIjp0cnVlLCJjb250ZW50IjoicG9zdF9saW5rX3VybF9wYWdlIiwic2V0dGluZ3MiOnsicG9zdF9pZCI6IjU2NiJ9fQ==@\u00bb button_text=\u00bbFeria Presencial\u00bb button_alignment=\u00bbcenter\u00bb _builder_version=\u00bb4.10.8&#8243; _dynamic_attributes=\u00bbbutton_url\u00bb _module_preset=\u00bbdefault\u00bb custom_button=\u00bbon\u00bb button_text_color=\u00bb#FF8E2E\u00bb global_colors_info=\u00bb{}\u00bb][\/et_pb_button][\/et_pb_column][et_pb_column type=\u00bb1_3&#8243; _builder_version=\u00bb3.25&#8243; custom_padding=\u00bb|||\u00bb global_colors_info=\u00bb{}\u00bb custom_padding__hover=\u00bb|||\u00bb][\/et_pb_column][et_pb_column type=\u00bb1_3&#8243; _builder_version=\u00bb3.25&#8243; custom_padding=\u00bb|||\u00bb global_colors_info=\u00bb{}\u00bb custom_padding__hover=\u00bb|||\u00bb][et_pb_blurb title=\u00bbInformaci\u00f3n de las Asociaciones\u00bb url=\u00bb@ET-DC@eyJkeW5hbWljIjp0cnVlLCJjb250ZW50IjoicG9zdF9saW5rX3VybF9wYWdlIiwic2V0dGluZ3MiOnsicG9zdF9pZCI6IjM5NCJ9fQ==@\u00bb use_icon=\u00bbon\u00bb font_icon=\u00bb%%259%%\u00bb icon_color=\u00bb#ff8e2e\u00bb use_circle=\u00bbon\u00bb circle_color=\u00bb#ffffff\u00bb use_circle_border=\u00bbon\u00bb circle_border_color=\u00bb#f7f7f7&#8243; _builder_version=\u00bb4.10.8&#8243; _dynamic_attributes=\u00bburl\u00bb background_size=\u00bbinitial\u00bb background_position=\u00bbtop_left\u00bb background_repeat=\u00bbrepeat\u00bb text_orientation=\u00bbcenter\u00bb global_colors_info=\u00bb{}\u00bb]<\/p>\n<p><span style=\"font-weight: 400;\">Grupos o Entidades con actividades, v\u00eddeos y datos de contacto concretos<\/span><\/p>\n<p>[\/et_pb_blurb][et_pb_button button_url=\u00bb@ET-DC@eyJkeW5hbWljIjp0cnVlLCJjb250ZW50IjoicG9zdF9saW5rX3VybF9wYWdlIiwic2V0dGluZ3MiOnsicG9zdF9pZCI6IjM5NCJ9fQ==@\u00bb button_text=\u00bbEntidades\u00bb button_alignment=\u00bbcenter\u00bb _builder_version=\u00bb4.10.8&#8243; _dynamic_attributes=\u00bbbutton_url\u00bb _module_preset=\u00bbdefault\u00bb custom_button=\u00bbon\u00bb button_text_color=\u00bb#FF8E2E\u00bb global_colors_info=\u00bb{}\u00bb][\/et_pb_button][\/et_pb_column][\/et_pb_row][et_pb_row _builder_version=\u00bb4.10.7&#8243; _module_preset=\u00bbdefault\u00bb custom_margin=\u00bb63px|auto||auto||\u00bb global_colors_info=\u00bb{}\u00bb][et_pb_column type=\u00bb4_4&#8243; _builder_version=\u00bb4.10.7&#8243; _module_preset=\u00bbdefault\u00bb global_colors_info=\u00bb{}\u00bb][et_pb_text _builder_version=\u00bb4.10.8&#8243; _module_preset=\u00bbdefault\u00bb custom_padding=\u00bb||22px|||\u00bb global_colors_info=\u00bb{}\u00bb]<\/p>\n<p style=\"text-align: center;\"><span style=\"font-weight: 400;\">La FERIA DE ENTIDADES DE TETU\u00c1N 2023 est\u00e1 organizada por el <\/span><b>Proceso de Desarrollo Comunitario de Tetu\u00e1n.\u00a0<\/b><\/p>\n<p>[\/et_pb_text][\/et_pb_column][\/et_pb_row][et_pb_row _builder_version=\u00bb4.10.8&#8243; _module_preset=\u00bbdefault\u00bb global_colors_info=\u00bb{}\u00bb][et_pb_column type=\u00bb4_4&#8243; _builder_version=\u00bb4.10.8&#8243; _module_preset=\u00bbdefault\u00bb global_colors_info=\u00bb{}\u00bb][et_pb_image src=\u00bbhttps:\/\/feriaentidadestetuan.com\/wp-content\/uploads\/2021\/09\/proceso.png\u00bb title_text=\u00bbproceso\u00bb align=\u00bbcenter\u00bb _builder_version=\u00bb4.10.8&#8243; _module_preset=\u00bbdefault\u00bb global_colors_info=\u00bb{}\u00bb][\/et_pb_image][\/et_pb_column][\/et_pb_row][\/et_pb_section][et_pb_section fb_built=\u00bb1&#8243; _builder_version=\u00bb4.10.8&#8243; _module_preset=\u00bbdefault\u00bb background_image=\u00bbhttps:\/\/feriaentidadestetuan.com\/wp-content\/uploads\/2021\/09\/tetuan.jpg\u00bb parallax=\u00bbon\u00bb parallax_method=\u00bboff\u00bb height=\u00bb450px\u00bb custom_margin=\u00bb0px||0px||false|false\u00bb global_colors_info=\u00bb{}\u00bb][et_pb_row _builder_version=\u00bb4.10.8&#8243; _module_preset=\u00bbdefault\u00bb global_colors_info=\u00bb{}\u00bb][et_pb_column type=\u00bb4_4&#8243; _builder_version=\u00bb4.10.8&#8243; _module_preset=\u00bbdefault\u00bb global_colors_info=\u00bb{}\u00bb][et_pb_text _builder_version=\u00bb4.10.8&#8243; _module_preset=\u00bbdefault\u00bb global_colors_info=\u00bb{}\u00bb][\/et_pb_text][\/et_pb_column][\/et_pb_row][\/et_pb_section][et_pb_section fb_built=\u00bb1&#8243; _builder_version=\u00bb4.10.8&#8243; _module_preset=\u00bbdefault\u00bb custom_margin=\u00bb0px||0px||false|false\u00bb custom_padding=\u00bb||0px|||\u00bb global_colors_info=\u00bb{}\u00bb][\/et_pb_section]<\/p>\n","protected":false},"excerpt":{"rendered":"<p>21 de Octubre de 2023 en Plaza de la REMONTA\u00a0\u00a0Queridas Vecinas y Vecinos:\u00a0 Queremos daros la bienvenida a la FERIA DE ENTIDADES y COLECTIVOS DE TETU\u00c1N 2023\u00a0\u00a0 \u00abcuida(TE)tu\u00e1n\u00bb organizada de forma participativa por el Proceso de Desarrollo Comunitario de Tetu\u00e1n.\u00a0 Un lugar donde encontrar informaci\u00f3n sobre asociaciones, recursos, actividades que existen en nuestro barrio y [&hellip;]<\/p>\n","protected":false},"author":3,"featured_media":0,"parent":0,"menu_order":0,"comment_status":"closed","ping_status":"closed","template":"","meta":{"_et_pb_use_builder":"on","_et_pb_old_content":"","_et_gb_content_width":"","footnotes":""},"categories":[],"tags":[],"class_list":["post-10","page","type-page","status-publish","hentry"],"_links":{"self":[{"href":"https:\/\/feriaentidadestetuan.com\/index.php?rest_route=\/wp\/v2\/pages\/10","targetHints":{"allow":["GET"]}}],"collection":[{"href":"https:\/\/feriaentidadestetuan.com\/index.php?rest_route=\/wp\/v2\/pages"}],"about":[{"href":"https:\/\/feriaentidadestetuan.com\/index.php?rest_route=\/wp\/v2\/types\/page"}],"author":[{"embeddable":true,"href":"https:\/\/feriaentidadestetuan.com\/index.php?rest_route=\/wp\/v2\/users\/3"}],"replies":[{"embeddable":true,"href":"https:\/\/feriaentidadestetuan.com\/index.php?rest_route=%2Fwp%2Fv2%2Fcomments&post=10"}],"version-history":[{"count":42,"href":"https:\/\/feriaentidadestetuan.com\/index.php?rest_route=\/wp\/v2\/pages\/10\/revisions"}],"predecessor-version":[{"id":1080,"href":"https:\/\/feriaentidadestetuan.com\/index.php?rest_route=\/wp\/v2\/pages\/10\/revisions\/1080"}],"wp:attachment":[{"href":"https:\/\/feriaentidadestetuan.com\/index.php?rest_route=%2Fwp%2Fv2%2Fmedia&parent=10"}],"wp:term":[{"taxonomy":"category","embeddable":true,"href":"https:\/\/feriaentidadestetuan.com\/index.php?rest_route=%2Fwp%2Fv2%2Fcategories&post=10"},{"taxonomy":"post_tag","embeddable":true,"href":"https:\/\/feriaentidadestetuan.com\/index.php?rest_route=%2Fwp%2Fv2%2Ftags&post=10"}],"curies":[{"name":"wp","href":"https:\/\/api.w.org\/{rel}","templated":true}]}}